{"id":58982,"date":"2026-02-05T09:41:01","date_gmt":"2026-02-05T08:41:01","guid":{"rendered":"https:\/\/www.golfe-sainttropez-tourisme.fr\/de\/fiche-apidae\/chapelle-saint-jean-2\/"},"modified":"2026-04-11T05:00:33","modified_gmt":"2026-04-11T03:00:33","slug":"chapelle-saint-jean","status":"publish","type":"apidae","link":"https:\/\/www.golfe-sainttropez-tourisme.fr\/de\/fiche-apidae\/chapelle-saint-jean\/","title":{"rendered":"Chapelle Saint-Jean"},"content":{"rendered":"<p>1633 gr\u00fcndete eine Gruppe wohlhabender Einwohner aus La Garde-Freinet eine Bruderschaft der weissen B\u00fcsser unter Anrufung der Verk\u00fcndigung Marias. Man beschloss, eine B\u00fcsserkapelle gegen die Ostseite der Kapelle Sankt Jean zu errichten. Sie wurde im Jahr 1637 fertiggestellt.&#13;<br \/>\nDie beiden Kapellen werden vereinigt. &#13;<br \/>\nDie Kapelle diente den B\u00fcssern als Versammlungsst\u00e4tte, Gebete, Lesungen, Meditationen, aber auch um Prozessionen vorzubereiten, f\u00fcr Beerdigungen, Festlichkeiten und Zeremonien. Ab 1646 wurden unter dem Boden einige Grabst\u00e4tten eingerichtet. &#13;<br \/>\nF\u00fcr Gottesdienste benutzten die B\u00fcsser die Kapelle Sankt Jean, deren Eingangst\u00fcr sich am Ende des Geb\u00e4udes befand. Dies f\u00fchrte zwangsl\u00e4ufig zu einem Zusammenschluss der beiden Geb\u00e4ude im Jahr 1649. Die Kapelle diente als zus\u00e4tzliche St\u00e4tte der Kirchengemeinde, als die Renovierungsarbeiten der Kirche deren Benutzung im Jahr 1782 unm\u00f6glich machten. &#13;<br \/>\nW\u00e4hrend der Revolution diente die von der B\u00fcsser-Bruderschaft verlassene Kapelle als Versammlungsraum f\u00fcr die \u00ab\u00a0Freunde der Freiheit und der Gleichheit\u00a0\u00bb. Wenig sp\u00e4ter wurde sie auf 2650 Pfund gesch\u00e4tzt, dann als Staatsgut verkauft, ver\u00e4ndert, und bald darauf vergessen.  Das Gew\u00f6lbe, das die Kapelle in zwei Niveaus trennt, wurde scheinbar f\u00fcr die Fleischerei gebaut. Eine andere \u00dcberlieferung bringt in ihr die Schmiede des Hufschmieds unter, der das Kreuz \u00fcber dem Dorf konstruiert hat. Zur gleichen Zeit wird die Umgebung der Kapelle ver\u00e4ndert. Die ehemalige Kapelle wird Teil mehrerer Wohngeb\u00e4ude, und ihre urspr\u00fcngliche Bestimmung ger\u00e4t in Vergessenheit. Im Jahr 2002, kauft die Gemeinde das Privatgeb\u00e4ude, um ein der \u00d6ffentlichkeit zug\u00e4ngliches Kulturzentrum zu errichten.<\/p>\n","protected":false},"author":1,"featured_media":73211,"template":"","apidae_type":[118],"apidae_selection":[119,625],"apidae_city":[108],"class_list":["post-58982","type-apidae","status-publish","has-post-thumbnail","hentry","apidae_type-patrimoine_culturel","apidae_selection-119","apidae_selection-625","apidae_city-la-garde-freinet"],"acf":[],"_links":{"self":[{"href":"https:\/\/www.golfe-sainttropez-tourisme.fr\/de\/wp-json\/wp\/v2\/apidae\/58982","targetHints":{"allow":["GET"]}}],"collection":[{"href":"https:\/\/www.golfe-sainttropez-tourisme.fr\/de\/wp-json\/wp\/v2\/apidae"}],"about":[{"href":"https:\/\/www.golfe-sainttropez-tourisme.fr\/de\/wp-json\/wp\/v2\/types\/apidae"}],"author":[{"embeddable":true,"href":"https:\/\/www.golfe-sainttropez-tourisme.fr\/de\/wp-json\/wp\/v2\/users\/1"}],"version-history":[{"count":1,"href":"https:\/\/www.golfe-sainttropez-tourisme.fr\/de\/wp-json\/wp\/v2\/apidae\/58982\/revisions"}],"predecessor-version":[{"id":73210,"href":"https:\/\/www.golfe-sainttropez-tourisme.fr\/de\/wp-json\/wp\/v2\/apidae\/58982\/revisions\/73210"}],"wp:featuredmedia":[{"embeddable":true,"href":"https:\/\/www.golfe-sainttropez-tourisme.fr\/de\/wp-json\/wp\/v2\/media\/73211"}],"wp:attachment":[{"href":"https:\/\/www.golfe-sainttropez-tourisme.fr\/de\/wp-json\/wp\/v2\/media?parent=58982"}],"wp:term":[{"taxonomy":"apidae_type","embeddable":true,"href":"https:\/\/www.golfe-sainttropez-tourisme.fr\/de\/wp-json\/wp\/v2\/apidae_type?post=58982"},{"taxonomy":"apidae_selection","embeddable":true,"href":"https:\/\/www.golfe-sainttropez-tourisme.fr\/de\/wp-json\/wp\/v2\/apidae_selection?post=58982"},{"taxonomy":"apidae_city","embeddable":true,"href":"https:\/\/www.golfe-sainttropez-tourisme.fr\/de\/wp-json\/wp\/v2\/apidae_city?post=58982"}],"curies":[{"name":"wp","href":"https:\/\/api.w.org\/{rel}","templated":true}]}}