{"id":96429,"date":"2024-04-22T10:28:32","date_gmt":"2024-04-22T08:28:32","guid":{"rendered":"https:\/\/www.golfe-sainttropez-tourisme.fr\/it\/?page_id=96429"},"modified":"2026-04-27T11:58:13","modified_gmt":"2026-04-27T09:58:13","slug":"le-bravate","status":"publish","type":"page","link":"https:\/\/www.golfe-sainttropez-tourisme.fr\/it\/le-bravate\/","title":{"rendered":"Le Bravate"},"content":{"rendered":"\n<blockquote class=\"wp-block-quote has-text-align-center is-layout-flow wp-block-quote-is-layout-flow\">\n<p class=\"has-text-align-center\">La <strong>Bravade<\/strong> \u00e8 una processione solenne e festosa che si svolge in onore di qualcuno.<\/p>\n<\/blockquote>\n\n\n\n<div class=\"wp-block-columns is-layout-flex wp-container-core-columns-is-layout-9d6595d7 wp-block-columns-is-layout-flex\">\n<div class=\"wp-block-column is-layout-flow wp-block-column-is-layout-flow\" style=\"flex-basis:100%\">\n<figure class=\"wp-block-gallery has-nested-images columns-2 is-cropped wp-block-gallery-2 is-layout-flex wp-block-gallery-is-layout-flex\">\n<figure class=\"wp-block-image size-large\"><img loading=\"lazy\" decoding=\"async\" width=\"1024\" height=\"683\" data-id=\"6180\" src=\"https:\/\/www.golfe-sainttropez-tourisme.fr\/wp-content\/uploads\/2022\/08\/Temps_forts-8-1024x683.jpg\" alt=\"\" class=\"wp-image-6180\" srcset=\"https:\/\/www.golfe-sainttropez-tourisme.fr\/it\/wp-content\/uploads\/sites\/5\/2022\/08\/Temps_forts-8-1024x683.jpg 1024w, https:\/\/www.golfe-sainttropez-tourisme.fr\/it\/wp-content\/uploads\/sites\/5\/2022\/08\/Temps_forts-8-300x200.jpg 300w, https:\/\/www.golfe-sainttropez-tourisme.fr\/it\/wp-content\/uploads\/sites\/5\/2022\/08\/Temps_forts-8-768x512.jpg 768w, https:\/\/www.golfe-sainttropez-tourisme.fr\/it\/wp-content\/uploads\/sites\/5\/2022\/08\/Temps_forts-8-1536x1024.jpg 1536w, https:\/\/www.golfe-sainttropez-tourisme.fr\/it\/wp-content\/uploads\/sites\/5\/2022\/08\/Temps_forts-8-2048x1365.jpg 2048w, https:\/\/www.golfe-sainttropez-tourisme.fr\/it\/wp-content\/uploads\/sites\/5\/2022\/08\/Temps_forts-8-150x100.jpg 150w, https:\/\/www.golfe-sainttropez-tourisme.fr\/it\/wp-content\/uploads\/sites\/5\/2022\/08\/Temps_forts-8-945x630.jpg 945w\" sizes=\"auto, (max-width: 1024px) 100vw, 1024px\" \/><\/figure>\n\n\n\n<figure class=\"wp-block-image size-large\"><img loading=\"lazy\" decoding=\"async\" width=\"1024\" height=\"559\" data-id=\"26055\" src=\"https:\/\/www.golfe-sainttropez-tourisme.fr\/wp-content\/uploads\/2023\/04\/cogolin-bravades-\u00a9-.bertrand-tdr-2018-7-1024x559.jpg\" alt=\"\" class=\"wp-image-26055\" srcset=\"https:\/\/www.golfe-sainttropez-tourisme.fr\/it\/wp-content\/uploads\/sites\/5\/2023\/04\/cogolin-bravades-\u00a9-.bertrand-tdr-2018-7-1024x559.jpg 1024w, https:\/\/www.golfe-sainttropez-tourisme.fr\/it\/wp-content\/uploads\/sites\/5\/2023\/04\/cogolin-bravades-\u00a9-.bertrand-tdr-2018-7-300x164.jpg 300w, https:\/\/www.golfe-sainttropez-tourisme.fr\/it\/wp-content\/uploads\/sites\/5\/2023\/04\/cogolin-bravades-\u00a9-.bertrand-tdr-2018-7-768x419.jpg 768w, https:\/\/www.golfe-sainttropez-tourisme.fr\/it\/wp-content\/uploads\/sites\/5\/2023\/04\/cogolin-bravades-\u00a9-.bertrand-tdr-2018-7-1536x838.jpg 1536w, https:\/\/www.golfe-sainttropez-tourisme.fr\/it\/wp-content\/uploads\/sites\/5\/2023\/04\/cogolin-bravades-\u00a9-.bertrand-tdr-2018-7-2048x1118.jpg 2048w, https:\/\/www.golfe-sainttropez-tourisme.fr\/it\/wp-content\/uploads\/sites\/5\/2023\/04\/cogolin-bravades-\u00a9-.bertrand-tdr-2018-7-150x82.jpg 150w, https:\/\/www.golfe-sainttropez-tourisme.fr\/it\/wp-content\/uploads\/sites\/5\/2023\/04\/cogolin-bravades-\u00a9-.bertrand-tdr-2018-7-1154x630.jpg 1154w\" sizes=\"auto, (max-width: 1024px) 100vw, 1024px\" \/><\/figure>\n<\/figure>\n<\/div>\n<\/div>\n\n\n\n<h2 class=\"wp-block-heading has-text-align-center\">La Garde-Freinet<\/h2>\n\n\n\n<p class=\"has-text-align-center\">La Bravade di Saint-Cl\u00e9ment \u00e8 un&#8217;antica tradizione del villaggio di La Garde-Freinet, si celebra in onore del Santo Patrono, papa e martire del I secolo. Il santo patrono della parrocchia, San Clemente, viene festeggiato ogni anno alla fine di aprile\/inizio maggio per commemorare la traslazione delle reliquie del santo nella chiesa di La Garde-Freinet.<\/p>\n\n\n\n<div class=\"wp-block-media-text alignwide is-stacked-on-mobile\"><figure class=\"wp-block-media-text__media\"><img loading=\"lazy\" decoding=\"async\" width=\"1024\" height=\"571\" src=\"https:\/\/www.golfe-sainttropez-tourisme.fr\/wp-content\/uploads\/2023\/04\/la-garde-freinet-bravades-\u00a9-s.casrtor-droits-reserves-37-4-1024x571.jpg\" alt=\"\" class=\"wp-image-26060 size-full\" srcset=\"https:\/\/www.golfe-sainttropez-tourisme.fr\/it\/wp-content\/uploads\/sites\/5\/2023\/04\/la-garde-freinet-bravades-\u00a9-s.casrtor-droits-reserves-37-4-1024x571.jpg 1024w, https:\/\/www.golfe-sainttropez-tourisme.fr\/it\/wp-content\/uploads\/sites\/5\/2023\/04\/la-garde-freinet-bravades-\u00a9-s.casrtor-droits-reserves-37-4-300x167.jpg 300w, https:\/\/www.golfe-sainttropez-tourisme.fr\/it\/wp-content\/uploads\/sites\/5\/2023\/04\/la-garde-freinet-bravades-\u00a9-s.casrtor-droits-reserves-37-4-768x428.jpg 768w, https:\/\/www.golfe-sainttropez-tourisme.fr\/it\/wp-content\/uploads\/sites\/5\/2023\/04\/la-garde-freinet-bravades-\u00a9-s.casrtor-droits-reserves-37-4-1536x856.jpg 1536w, https:\/\/www.golfe-sainttropez-tourisme.fr\/it\/wp-content\/uploads\/sites\/5\/2023\/04\/la-garde-freinet-bravades-\u00a9-s.casrtor-droits-reserves-37-4-2048x1142.jpg 2048w, https:\/\/www.golfe-sainttropez-tourisme.fr\/it\/wp-content\/uploads\/sites\/5\/2023\/04\/la-garde-freinet-bravades-\u00a9-s.casrtor-droits-reserves-37-4-150x84.jpg 150w, https:\/\/www.golfe-sainttropez-tourisme.fr\/it\/wp-content\/uploads\/sites\/5\/2023\/04\/la-garde-freinet-bravades-\u00a9-s.casrtor-droits-reserves-37-4-1130x630.jpg 1130w\" sizes=\"auto, (max-width: 1024px) 100vw, 1024px\" \/><\/figure><div class=\"wp-block-media-text__content\">\n<p>Il giorno prima le reliquie vengono esposte nella chiesa parrocchiale e si forma il corpo dei bravatori che assiste ai vespri. Il giorno successivo, una grande processione delle reliquie ha avuto luogo con i bravadeurs e i pifferi fino alla cappella di Saint-Cl\u00e9ment, dove ha avuto luogo la messa. La domenica si svolge una processione al seguito di Saint-Cl\u00e9ment attraverso il vecchio villaggio, seguita dall&#8217;accoglienza ufficiale di Notre-Dame de Miremer e dalla messa solenne cantata nella chiesa parrocchiale. La rievocazione si conclude con balli provenzali e ceppi, con la partecipazione di pifferi e gruppi folcloristici.<\/p>\n<\/div><\/div>\n\n\n\n<p class=\"has-text-align-center\">Quest&#8217;anno, la Bravade di San Clemente si svolge il <strong>2 e 3 maggio 2026 !<\/strong><\/p>\n\n\n\n<h2 class=\"wp-block-heading has-text-align-center\">Cogolin<\/h2>\n\n\n\n<p class=\"has-text-align-center\">Dal IV al IX secolo i Saraceni tentarono di invadere le coste della Provenza. A difesa del villaggio fu nominato a partire dal X secolo un capitano del villaggio. Cos\u00ec \u00e8 nato Bravades. Poi, ogni anno a maggio, il Capitano della Citt\u00e0 organizzava una Bravata per celebrare la difesa della citt\u00e0 e onorare il santo patrono.<\/p>\n\n\n\n<div class=\"wp-block-media-text alignwide has-media-on-the-right is-stacked-on-mobile is-image-fill-element\"><div class=\"wp-block-media-text__content\">\n<div style=\"height:130px\" aria-hidden=\"true\" class=\"wp-block-spacer\"><\/div>\n\n\n\n<p>Durante questa festa tradizionale, Cogolin vibrava al ritmo delle tromblonades, delle processioni per il paese, delle messe&#8230; Interrotta nel 1687 da un consigliere, fa vibrare nuovamente il villaggio dal 1996. Evento imperdibile, la Bravade de la Saint-Maur \u00e8 uno straordinario viaggio nel tempo in cui il passato incontra il presente per alcuni giorni per perpetuare questa festa religiosa e militare.<\/p>\n\n\n\n<div style=\"height:130px\" aria-hidden=\"true\" class=\"wp-block-spacer\"><\/div>\n<\/div><figure class=\"wp-block-media-text__media\"><img loading=\"lazy\" decoding=\"async\" width=\"641\" height=\"1024\" src=\"https:\/\/www.golfe-sainttropez-tourisme.fr\/wp-content\/uploads\/2023\/04\/cogolin-bravades-2016-\u00a9e.bertrand-droits-reserves-51-641x1024.jpg\" alt=\"\" class=\"wp-image-26057 size-full\" style=\"object-position:53% 81%\" srcset=\"https:\/\/www.golfe-sainttropez-tourisme.fr\/it\/wp-content\/uploads\/sites\/5\/2023\/04\/cogolin-bravades-2016-\u00a9e.bertrand-droits-reserves-51-641x1024.jpg 641w, https:\/\/www.golfe-sainttropez-tourisme.fr\/it\/wp-content\/uploads\/sites\/5\/2023\/04\/cogolin-bravades-2016-\u00a9e.bertrand-droits-reserves-51-188x300.jpg 188w, https:\/\/www.golfe-sainttropez-tourisme.fr\/it\/wp-content\/uploads\/sites\/5\/2023\/04\/cogolin-bravades-2016-\u00a9e.bertrand-droits-reserves-51-768x1228.jpg 768w, https:\/\/www.golfe-sainttropez-tourisme.fr\/it\/wp-content\/uploads\/sites\/5\/2023\/04\/cogolin-bravades-2016-\u00a9e.bertrand-droits-reserves-51-961x1536.jpg 961w, https:\/\/www.golfe-sainttropez-tourisme.fr\/it\/wp-content\/uploads\/sites\/5\/2023\/04\/cogolin-bravades-2016-\u00a9e.bertrand-droits-reserves-51-1281x2048.jpg 1281w, https:\/\/www.golfe-sainttropez-tourisme.fr\/it\/wp-content\/uploads\/sites\/5\/2023\/04\/cogolin-bravades-2016-\u00a9e.bertrand-droits-reserves-51-94x150.jpg 94w, https:\/\/www.golfe-sainttropez-tourisme.fr\/it\/wp-content\/uploads\/sites\/5\/2023\/04\/cogolin-bravades-2016-\u00a9e.bertrand-droits-reserves-51-265x424.jpg 265w, https:\/\/www.golfe-sainttropez-tourisme.fr\/it\/wp-content\/uploads\/sites\/5\/2023\/04\/cogolin-bravades-2016-\u00a9e.bertrand-droits-reserves-51-394x630.jpg 394w, https:\/\/www.golfe-sainttropez-tourisme.fr\/it\/wp-content\/uploads\/sites\/5\/2023\/04\/cogolin-bravades-2016-\u00a9e.bertrand-droits-reserves-51-scaled.jpg 1601w\" sizes=\"auto, (max-width: 641px) 100vw, 641px\" \/><\/figure><\/div>\n\n\n\n<p class=\"has-text-align-center\">La Bravade de la Saint Maur a Cogolin si svolger\u00e0 il <strong>8, 9 e 10 maggio 2026 !<\/strong><\/p>\n\n\n\n<div style=\"height:50px\" aria-hidden=\"true\" class=\"wp-block-spacer\"><\/div>\n\n\n\n<p class=\"has-text-align-center\"><em>Nel Golfo di Saint-Tropez, anche i villaggi di Sainte Maxime e Saint-Tropez festeggiano i loro Santi Patroni! Ritrovate la spavalderia di Sainte Maxime il 14 e 15 maggio e la spavalderia di Saint-Tropez dal 16 al 18 maggio.<\/em><\/p>\n","protected":false},"excerpt":{"rendered":"<p>La Bravade \u00e8 una processione solenne e festosa che si svolge in onore di qualcuno.                   La Garde-Freinet    La Bravade di Saint-Cl\u00e9ment \u00e8 un&#8217;antica tradizione del villaggio di La Garde-Freinet, si celebra in onore del Santo Patrono, papa e martire del I secolo. Il santo patrono della parrocchia, San Clemente, viene festeggiato ogni anno alla fine di aprile\/inizio maggio per commemorare la traslazione delle reliquie del santo nella chiesa di La Garde-Freinet.     Il giorno prima le reliquie vengono esposte nella chiesa parrocchiale e si forma il corpo dei bravatori che assiste ai vespri. Il giorno successivo, una grande processione delle reliquie ha avuto luogo con i bravadeurs e i pifferi fino alla cappella di Saint-Cl\u00e9ment, dove ha avuto luogo la messa. La domenica si svolge una processione al seguito di Saint-Cl\u00e9ment attraverso il vecchio villaggio, seguita dall&#8217;accoglienza ufficiale di Notre-Dame de Miremer e dalla messa solenne cantata nella chiesa parrocchiale. La rievocazione si conclude con balli provenzali e ceppi, con la partecipazione di pifferi e gruppi folcloristici.     Quest&#8217;anno, la Bravade di San Clemente si svolge il 2 e 3 maggio 2026 !    Cogolin    Dal IV al IX secolo i Saraceni tentarono di invadere le coste della Provenza. A difesa del villaggio fu nominato a partire dal X secolo un capitano del villaggio. Cos\u00ec \u00e8 nato Bravades. Poi, ogni anno a maggio, il Capitano della Citt\u00e0 organizzava una Bravata per celebrare la difesa della citt\u00e0 e onorare il santo patrono.         Durante questa festa tradizionale, Cogolin vibrava al ritmo delle tromblonades, delle processioni per il paese, delle messe&#8230; Interrotta nel 1687 da un consigliere, fa vibrare nuovamente il villaggio dal 1996. Evento imperdibile, la Bravade de la Saint-Maur \u00e8 uno straordinario viaggio nel tempo in cui il passato incontra il presente per alcuni giorni per perpetuare questa festa religiosa e militare.         La Bravade de la Saint Maur a Cogolin si svolger\u00e0 il 8, 9 e 10 maggio 2026 !        Nel Golfo di Saint-Tropez, anche i villaggi di Sainte Maxime e Saint-Tropez festeggiano i loro Santi Patroni! Ritrovate la spavalderia di Sainte Maxime il 14 e 15 maggio e la spavalderia di Saint-Tropez dal 16 al 18 maggio.<\/p>\n","protected":false},"author":22,"featured_media":96430,"parent":0,"menu_order":0,"comment_status":"closed","ping_status":"closed","template":"templates\/full-width.php","meta":{"_acf_changed":false,"inline_featured_image":false,"footnotes":""},"class_list":["post-96429","type-page","status-publish","has-post-thumbnail","hentry"],"acf":[],"_links":{"self":[{"href":"https:\/\/www.golfe-sainttropez-tourisme.fr\/it\/wp-json\/wp\/v2\/pages\/96429","targetHints":{"allow":["GET"]}}],"collection":[{"href":"https:\/\/www.golfe-sainttropez-tourisme.fr\/it\/wp-json\/wp\/v2\/pages"}],"about":[{"href":"https:\/\/www.golfe-sainttropez-tourisme.fr\/it\/wp-json\/wp\/v2\/types\/page"}],"author":[{"embeddable":true,"href":"https:\/\/www.golfe-sainttropez-tourisme.fr\/it\/wp-json\/wp\/v2\/users\/22"}],"replies":[{"embeddable":true,"href":"https:\/\/www.golfe-sainttropez-tourisme.fr\/it\/wp-json\/wp\/v2\/comments?post=96429"}],"version-history":[{"count":4,"href":"https:\/\/www.golfe-sainttropez-tourisme.fr\/it\/wp-json\/wp\/v2\/pages\/96429\/revisions"}],"predecessor-version":[{"id":161149,"href":"https:\/\/www.golfe-sainttropez-tourisme.fr\/it\/wp-json\/wp\/v2\/pages\/96429\/revisions\/161149"}],"wp:featuredmedia":[{"embeddable":true,"href":"https:\/\/www.golfe-sainttropez-tourisme.fr\/it\/wp-json\/wp\/v2\/media\/96430"}],"wp:attachment":[{"href":"https:\/\/www.golfe-sainttropez-tourisme.fr\/it\/wp-json\/wp\/v2\/media?parent=96429"}],"curies":[{"name":"wp","href":"https:\/\/api.w.org\/{rel}","templated":true}]}}